{"id":43614,"date":"2022-03-23T12:46:23","date_gmt":"2022-03-23T12:46:23","guid":{"rendered":"https:\/\/www.softub.ch\/product\/waermegrad-module-de-sauna-m-fr\/"},"modified":"2025-03-12T11:43:39","modified_gmt":"2025-03-12T10:43:39","slug":"waermegrad-module-de-sauna-m","status":"publish","type":"product","link":"https:\/\/www.softub.ch\/fr\/produit\/waermegrad-module-de-sauna-m\/","title":{"rendered":"Waermegrad module de sauna M &#8211; \u00e0 c\u00f4t\u00e9 de la salle de sauna avec petit vestibule"},"content":{"rendered":"<div class=\"fusion-fullwidth fullwidth-box fusion-builder-row-1 fusion-flex-container nonhundred-percent-fullwidth non-hundred-percent-height-scrolling\" style=\"--awb-border-radius-top-left:0px;--awb-border-radius-top-right:0px;--awb-border-radius-bottom-right:0px;--awb-border-radius-bottom-left:0px;--awb-flex-wrap:wrap;\" ><div class=\"fusion-builder-row fusion-row fusion-flex-align-items-flex-start fusion-flex-content-wrap\" style=\"max-width:1248px;margin-left: calc(-4% \/ 2 );margin-right: calc(-4% \/ 2 );\"><div class=\"fusion-layout-column fusion_builder_column fusion-builder-column-0 fusion_builder_column_1_1 1_1 fusion-flex-column\" style=\"--awb-bg-size:cover;--awb-width-large:100%;--awb-margin-top-large:0px;--awb-spacing-right-large:1.92%;--awb-margin-bottom-large:0px;--awb-spacing-left-large:1.92%;--awb-width-medium:100%;--awb-spacing-right-medium:1.92%;--awb-spacing-left-medium:1.92%;--awb-width-small:100%;--awb-spacing-right-small:1.92%;--awb-spacing-left-small:1.92%;\"><div class=\"fusion-column-wrapper fusion-flex-justify-content-flex-start fusion-content-layout-column\"><div class=\"fusion-text fusion-text-1\"><h1 class=\"fusion-responsive-typography-calculated\" data-fontsize=\"30\" data-lineheight=\"45px\">Waermegrad Module de Sauna M<\/h1>\n<p class=\"fusion-responsive-typography-calculated\" data-fontsize=\"18\" data-lineheight=\"27px\">Le module de sauna M du Waermegrad de taille standard dispose d\u2019un petit vestibule en plus de l\u2019espace sauna confortable.<\/p>\n<h3 class=\"fusion-responsive-typography-calculated\" data-fontsize=\"18\" data-lineheight=\"27px\">L\u2019equipement de base comprend:<\/h3>\n<ul>\n<li>Rev\u00eatement: BAUM M\u00e9l\u00e8ze<\/li>\n<li>Po\u00eale: TORN po\u00eale rond sur pied (uniquement finlandais)<\/li>\n<li>Commande du sauna: KNOP avec \u00e9cran et bouton rotatif<\/li>\n<li>\u00c9clairage: SHEIN lampe ext\u00e9rieure classique<\/li>\n<\/ul>\n<p>&nbsp;<\/p>\n<h3 class=\"fusion-responsive-typography-calculated\" data-fontsize=\"18\" data-lineheight=\"27px\">Sur ce mod\u00e8le, en alternative et inclus :<\/h3>\n<ul>\n<li>\u00c9clairage : Lampe d\u2019ext\u00e9rieur HELL Design (quantit\u00e9 d\u00e9pendant du module)<\/li>\n<li><strong>GARANTIE<\/strong>: Sans souci. 5 ans de garantie sur les saunas d\u2019ext\u00e9rieur, 2 ans sur les appareils techniques et 5 ans sur la toiture.<\/li>\n<\/ul>\n<p>&nbsp;<\/p>\n<h3 class=\"fusion-responsive-typography-calculated\" data-fontsize=\"18\" data-lineheight=\"27px\">Inclus dans tous les saunas:<\/h3>\n<ul>\n<li>\u00c9clairage LED du dossier<\/li>\n<li>Porte en verre tremp\u00e9<\/li>\n<li>Poign\u00e9e de porte Premium en acier inoxydable \/ bois<\/li>\n<li>Commande de sauna<\/li>\n<li>Banc : Form<\/li>\n<li>Po\u00eale avec puissance adapt\u00e9e<\/li>\n<li>Pierres de sauna<\/li>\n<li>Isolation Green-Line<\/li>\n<li>\u00c9l\u00e9ments en verre<\/li>\n<li>Rev\u00eatement int\u00e9rieur en bois de r\u00e9cup\u00e9ration<\/li>\n<\/ul>\n<p>&nbsp;<\/p>\n<h3 class=\"fusion-responsive-typography-calculated\" data-fontsize=\"18\" data-lineheight=\"27px\">Accessoires de sauna inclus:<\/h3>\n<ul>\n<li>2 serviettes de sauna<\/li>\n<li>2 appuie-t\u00eate<\/li>\n<li>2 coussins de sauna, grand et petit<\/li>\n<li>1 seau \u00e0 eau<\/li>\n<li>1 louche de sauna<\/li>\n<li>1 parfum de sauna<\/li>\n<li>1 sablier<\/li>\n<li>1 thermom\u00e8tre \/ hygrom\u00e8tre<\/li>\n<\/ul>\n<p>&nbsp;<\/p>\n<h3 class=\"fusion-responsive-typography-calculated\" data-fontsize=\"18\" data-lineheight=\"27px\">Un conseil personnalis\u00e9:<\/h3>\n<div><strong>Pour plus d\u2019informations, nous vous conseillons volontiers par t\u00e9l\u00e9phone. Venez nous rendre visite dans notre showroom de Zollikerberg, o\u00f9 quelques mod\u00e8les sont expos\u00e9s. Laissez-vous inspirer par le sauna de vos r\u00eaves. Les prix pour l\u2019installation \u00e9lectrique, le montage de votre nouveau sauna d\u2019int\u00e9rieur et les frais de transport sont disponibles sur demande.<\/strong><\/div>\n<p><strong>Nous nous r\u00e9jouissons de vous accueillir!<\/strong><\/p>\n<p>&nbsp;<\/p>\n<h3 class=\"\" data-fontsize=\"18\" data-lineheight=\"27px\">D\u00e9tails techniques du degr\u00e9 de chaleur du module de sauna M:<\/h3>\n<table width=\"1036\">\n<thead>\n<tr>\n<th align=\"left\">Rev\u00eatement ext\u00e9rieur<\/th>\n<th align=\"left\"><strong>CHF<\/strong><\/th>\n<\/tr>\n<\/thead>\n<tbody>\n<tr>\n<td align=\"left\">BAUM: Fa\u00e7ade bois<\/td>\n<td align=\"left\">\u00e9quipement de base<\/td>\n<\/tr>\n<tr>\n<td align=\"left\">STEIN: Fibrociment \/ Teintes de gris : Chaud, Clair, Fonc\u00e9<\/td>\n<td align=\"left\">3050<\/td>\n<\/tr>\n<tr>\n<td align=\"left\">PLAT: Plaques HPL \/ Teintes : Argent, Platine, Carbone<\/td>\n<td align=\"left\">4995<\/td>\n<\/tr>\n<tr>\n<td align=\"left\"><strong>Structure du toit<\/strong><\/td>\n<td align=\"left\"><strong>CHF<\/strong><\/td>\n<\/tr>\n<tr>\n<td align=\"left\">GR\u00d6N: Toiture v\u00e9g\u00e9talis\u00e9e<\/td>\n<td align=\"left\">1465<\/td>\n<\/tr>\n<tr>\n<td align=\"left\"><strong>Fen\u00eatres et portes<\/strong><\/td>\n<td align=\"left\"><strong>CHF<\/strong><\/td>\n<\/tr>\n<tr>\n<td align=\"left\">SICHT: fen\u00eatre panoramique<\/td>\n<td align=\"left\">2750<\/td>\n<\/tr>\n<tr>\n<td align=\"left\">RUND: fen\u00eatre ronde<\/td>\n<td align=\"left\">3330<\/td>\n<\/tr>\n<tr>\n<td align=\"left\">SCHUTZ: store ext\u00e9rieur \u00e0 lamelles pour fen\u00eatre panoramique<\/td>\n<td align=\"left\">1550<\/td>\n<\/tr>\n<tr>\n<td align=\"left\">APART: rideaux pliss\u00e9s pour fen\u00eatre du vestibule<\/td>\n<td align=\"left\">\u2013<\/td>\n<\/tr>\n<tr>\n<td align=\"left\">ALEEN: stores ext\u00e9rieurs (sans fen\u00eatre de sauna\/panorama)<\/td>\n<td align=\"left\">\u2013<\/td>\n<\/tr>\n<tr>\n<td align=\"left\"><strong>Po\u00eales<\/strong><\/td>\n<td align=\"left\"><strong>CHF<\/strong><\/td>\n<\/tr>\n<tr>\n<td align=\"left\">TORN: po\u00eale rond \u00e0 poser (uniquement finlandais)<\/td>\n<td align=\"left\">\u00e9quipement de base<\/td>\n<\/tr>\n<tr>\n<td align=\"left\">KAST: po\u00eale au sol<\/td>\n<td align=\"left\">1075<\/td>\n<\/tr>\n<tr>\n<td align=\"left\">BLOK: po\u00eale design<\/td>\n<td align=\"left\">1785<\/td>\n<\/tr>\n<tr>\n<td align=\"left\">DAMP: suppl\u00e9ment pour syst\u00e8me BI.O (pour KAST &amp; BLOK)<\/td>\n<td align=\"left\">1785<\/td>\n<\/tr>\n<tr>\n<td align=\"left\"><strong>Commande du sauna<\/strong><\/td>\n<td align=\"left\"><strong>CHF<\/strong><\/td>\n<\/tr>\n<tr>\n<td align=\"left\">KNOP: avec \u00e9cran et bouton rotatif<\/td>\n<td align=\"left\">\u00e9quipement de base<\/td>\n<\/tr>\n<tr>\n<td align=\"left\">SMAT: avec \u00e9cran tactile<\/td>\n<td align=\"left\">610<\/td>\n<\/tr>\n<tr>\n<td align=\"left\">BIN: commande de l\u2019int\u00e9rieur du sauna<\/td>\n<td align=\"left\">\u2013<\/td>\n<\/tr>\n<tr>\n<td align=\"left\">DRUK: \u00e9cran tactile<\/td>\n<td align=\"left\">1750<\/td>\n<\/tr>\n<tr>\n<td align=\"left\">VERN: module de d\u00e9marrage \u00e0 distance<\/td>\n<td align=\"left\">2385<\/td>\n<\/tr>\n<tr>\n<td align=\"left\"><strong>\u00c9clairage<\/strong><\/td>\n<td align=\"left\"><strong>CHF<\/strong><\/td>\n<\/tr>\n<tr>\n<td align=\"left\">LUCHT: \u00e9clairage sous la banquette<\/td>\n<td align=\"left\">950<\/td>\n<\/tr>\n<tr>\n<td align=\"left\">GLIM: Lumi\u00e8re LED indirecte dans le plafond du vestibule<\/td>\n<td align=\"left\">950<\/td>\n<\/tr>\n<tr>\n<td align=\"left\">LEUCHT: Lumi\u00e8re LED indirecte ext\u00e9rieure dans le tableau de l\u2019attique<\/td>\n<td align=\"left\">1015<\/td>\n<\/tr>\n<tr>\n<td align=\"left\">HELL: Lampe ext\u00e9rieure Design (quantit\u00e9 d\u00e9pendant du module)<\/td>\n<td align=\"left\">sans suppl\u00e9ment*<\/td>\n<\/tr>\n<tr>\n<td align=\"left\">SCHEIN: Lampe ext\u00e9rieure Classique<\/td>\n<td align=\"left\">\u00e9quipement de base<\/td>\n<\/tr>\n<tr>\n<td align=\"left\"><strong>Image et son<\/strong><\/td>\n<td align=\"left\"><strong>CHF<\/strong><\/td>\n<\/tr>\n<tr>\n<td align=\"left\">TIVI: Syst\u00e8me TV pr\u00e9paration<\/td>\n<td align=\"left\">500<\/td>\n<\/tr>\n<tr>\n<td align=\"left\">LUUD: Syst\u00e8me de haut-parleurs<\/td>\n<td align=\"left\">640<\/td>\n<\/tr>\n<tr>\n<td align=\"left\">STARK: syst\u00e8me d\u2019amplification Bluetooth<\/td>\n<td align=\"left\">835<\/td>\n<\/tr>\n<tr>\n<td align=\"left\"><strong>Sanitaire<\/strong><\/td>\n<td align=\"left\"><strong>CHF<\/strong><\/td>\n<\/tr>\n<tr>\n<td align=\"left\">WARM: Plafonnier infrarouge dans le vestibule<\/td>\n<td align=\"left\">1875<\/td>\n<\/tr>\n<tr>\n<td align=\"left\">NATT: Douche<\/td>\n<td align=\"left\">\u2013<\/td>\n<\/tr>\n<tr>\n<td align=\"left\">SCHACHT: WC<\/td>\n<td align=\"left\">\u2013<\/td>\n<\/tr>\n<tr>\n<td align=\"left\"><strong>Livraison et montage<\/strong><\/td>\n<td align=\"left\"><strong>CHF<\/strong><\/td>\n<\/tr>\n<tr>\n<td align=\"left\">STROM: raccordement \u00e9lectrique<\/td>\n<td align=\"left\">sur demande<\/td>\n<\/tr>\n<tr>\n<td align=\"left\">NETZ: Connexion r\u00e9seau pour VERN<\/td>\n<td align=\"left\">sur demande<\/td>\n<\/tr>\n<tr>\n<td align=\"left\">BAU: montage et instruction<\/td>\n<td align=\"left\">sur demande<\/td>\n<\/tr>\n<tr>\n<td align=\"left\">FRACHT: Fret dans toute la Suisse<\/td>\n<td align=\"left\">sur demande<\/td>\n<\/tr>\n<tr>\n<td align=\"left\">KRAN: grue de chargement (seulement apr\u00e8s v\u00e9rification)<\/td>\n<td align=\"left\">sur demande<\/td>\n<\/tr>\n<\/tbody>\n<\/table>\n<p>*inclus pour ce mod\u00e8le<br \/>\n*** seulement apr\u00e8s v\u00e9rification<\/p>\n<p>&nbsp;<\/p>\n<h3 class=\"fusion-responsive-typography-calculated\" data-fontsize=\"18\" data-lineheight=\"27px\">Sauna ext\u00e9rieur Individual:<\/h3>\n<h3 class=\"fusion-responsive-typography-calculated\" data-fontsize=\"18\" data-lineheight=\"27px\">Vous pr\u00e9f\u00e9rez composer vous-m\u00eame votre sauna design?<\/h3>\n<p>Avec notre sauna d\u2019ext\u00e9rieur Individual, vous d\u00e9cidez vous-m\u00eame de tout, du plan optimal jusqu\u2019\u00e0 une longueur de 7 m\u00e8tres aux caract\u00e9ristiques d\u2019\u00e9quipement souhait\u00e9es, en passant par les mat\u00e9riaux de haute qualit\u00e9 pour l\u2019int\u00e9rieur et l\u2019ext\u00e9rieur. En collaboration avec notre \u00e9quipe de planification, nous concr\u00e9tisons vos id\u00e9es. Nous veillons toujours \u00e0 la plus haute qualit\u00e9, m\u00eame pour les souhaits particuliers, car nous soutenons ce que nous faisons.<\/p>\n<p>&nbsp;<\/p>\n<h3 class=\"fusion-responsive-typography-calculated\" data-fontsize=\"18\" data-lineheight=\"27px\">Le meilleur des mat\u00e9riaux et des \u00e9quipements:<\/h3>\n<p>Nous composons votre oasis de bien-\u00eatre pi\u00e8ce par pi\u00e8ce\u00a0<strong>\u00e0 partir des meilleurs mat\u00e9riaux.<\/strong>\u00a0Des bois parfum\u00e9s issus d\u2019une culture durable et au toucher fantastique, des fen\u00eatres g\u00e9n\u00e9reuses \u00e0 double vitrage et une technique ultramoderne \u2013 avec W\u00e4rmegrad, vous vous offrez une exp\u00e9rience de sauna au plus haut niveau.<\/p>\n<p>En ce qui concerne l\u2019\u00e9quipement \u00e9galement, la beaut\u00e9, le confort et la qualit\u00e9 sont toujours au premier plan pour nous. Qu\u2019il s\u2019agisse de po\u00eales de sauna modernes, de commandes manuelles ou num\u00e9riques, d\u2019un syst\u00e8me d\u2019\u00e9clairage d\u2019ambiance ou de haut-parleurs, chaque \u00e9l\u00e9ment d\u2019\u00e9quipement au choix a \u00e9t\u00e9 s\u00e9lectionn\u00e9 par nos soins avec beaucoup de soin et une grande expertise afin de vous pr\u00e9senter une pr\u00e9s\u00e9lection de qualit\u00e9.\u00a0<strong>Pour que vous vous sentiez parfaitement bien dans votre sauna!<\/strong><\/p>\n<ul>\n<li><strong>Toit plat:<\/strong>\u00a0Le toit plat est construit avec une pente de 1,5%. De cette mani\u00e8re, les pr\u00e9cipitations peuvent s\u2019\u00e9couler de l\u2019ext\u00e9rieur de mani\u00e8re invisible gr\u00e2ce au syst\u00e8me de drainage int\u00e9rieur. Le sauna ext\u00e9rieur est donc id\u00e9al pour les constructions en limite de propri\u00e9t\u00e9.<\/li>\n<li><strong>Salle de repos:<\/strong>\u00a0La salle de repos est \u00e9quip\u00e9e d\u2019un lit de 140 cm x 200 cm. Deux tiroirs \u00e9quip\u00e9s d\u2019un syst\u00e8me Tipp-Matic sont int\u00e9gr\u00e9s dans le sommier. Cela permet de cr\u00e9er un espace de rangement pour se mettre \u00e0 l\u2019aise.<\/li>\n<li><strong>Panneau de sol:<\/strong>\u00a0la sous-construction des saunas d\u2019ext\u00e9rieur W\u00e4rmegrad\u00ae est constitu\u00e9e de solides panneaux de sol multicouches qui, gr\u00e2ce \u00e0 un collage crois\u00e9 sp\u00e9cial, sont extr\u00eamement stables. Afin de prot\u00e9ger au mieux le sol du sauna contre les influences environnementales, le collage est effectu\u00e9 de mani\u00e8re \u00e0 ce qu\u2019il n\u2019y ait pas de joints ouverts \u2013 pour une durabilit\u00e9 maximale.<\/li>\n<li><strong>Fen\u00eatres coulissantes et oscillo-battantes en meranti:<\/strong>\u00a0les fen\u00eatres fabriqu\u00e9es en Allemagne avec un cadre en meranti Dark Red sont recouvertes d\u2019un vernis protecteur gris anthracite et atteignent les propri\u00e9t\u00e9s de r\u00e9sistance du ch\u00eane. Gr\u00e2ce \u00e0 la technique allemande de ferrures, les fen\u00eatres sont d\u2019une qualit\u00e9 particuli\u00e8rement \u00e9lev\u00e9e.<\/li>\n<li><strong>Un package complet et bien pens\u00e9:<\/strong>\u00a0les saunas ext\u00e9rieurs W\u00e4rmegrad\u00ae sont \u00e9quip\u00e9s d\u2019un lit harmonieusement int\u00e9gr\u00e9, de lampes, de coussins, de couvertures, de serviettes et m\u00eame d\u2019une r\u00e9serve de romans \u00e0 lire et \u00e0 d\u00e9tendre.<\/li>\n<li><strong>Parois ext\u00e9rieures:<\/strong>\u00a0les parois ext\u00e9rieures du sauna de jardin sont parfaitement prot\u00e9g\u00e9es contre les influences environnementales. Les mat\u00e9riaux ext\u00e9rieurs en m\u00e9l\u00e8ze (voir photo) ou en Eternit sont tr\u00e8s robustes et r\u00e9sistants. Les autres couches sont le contre-lattage (fa\u00e7ade ventil\u00e9e), l\u2019\u00e9cran de sous-toiture, le cadre en KVH avec l\u2019isolation au m\u00eame niveau ainsi que le pare-vapeur. La finition est assur\u00e9e \u00e0 l\u2019int\u00e9rieur par l\u2019\u00e9pic\u00e9a thermique, hach\u00e9 et bross\u00e9, \u00e0 l\u2019aspect de vieux bois. Avec cette combinaison, vous obtenez une excellente isolation thermique et un aspect moderne, confortable et intemporel.<\/li>\n<\/ul>\n<p>&nbsp;<\/p>\n<h3 class=\"fusion-responsive-typography-calculated\" data-fontsize=\"18\" data-lineheight=\"27px\">Des accessoires suppl\u00e9mentaires pour votre maison:<\/h3>\n<p>Nous avons rassembl\u00e9 pour vous un riche assortiment d\u2019accessoires, afin que vous puissiez choisir tranquillement les produits qui vous conviennent dans notre boutique en ligne. Si vous recherchez un mod\u00e8le plus souple, n\u2019h\u00e9sitez pas \u00e0 jeter un coup d\u2019\u0153il \u00e0 nos\u00a0<a href=\"https:\/\/softub.ch\/fr\/softub-suisse-shop\/softub-spa\/\" target=\"_blank\" rel=\"noopener\">spas Softub<\/a>\u00a0\u2013 \u00e9ventuellement en combinaison avec un\u00a0<a href=\"https:\/\/meinschattenspender.ch\/\" target=\"_blank\" rel=\"noopener\">pavillon Unosider.<\/a><\/p>\n<p>Nous nous ferons un plaisir de vous conseiller, par t\u00e9l\u00e9phone, dans l\u2019un de nos showrooms ou \u00e0 votre domicile.<\/p>\n<\/div><\/div><\/div><\/div><\/div>\n","protected":false},"excerpt":{"rendered":"<h1>Waermegrad Module de Sauna M<\/h1>\n<h3>Notre module de sauna M de taille standard dispose d&rsquo;un petit vestibule en plus de l&rsquo;espace de sauna confortable.<\/h3>\n<p>Vous pouvez y d\u00e9poser confortablement vos v\u00eatements sur le banc en bois int\u00e9gr\u00e9 ou vous reposer bri\u00e8vement apr\u00e8s votre s\u00e9ance de sauna. Choisissez entre diff\u00e9rents rev\u00eatements ext\u00e9rieurs, quatre commandes intuitives, trois po\u00eales typiques ainsi que de nombreux extras et composez vous-m\u00eame votre sauna pr\u00e9f\u00e9r\u00e9.<\/p>\n<ul>\n<li>Dimensions ext\u00e9rieures L\/L\/H : 443 \/ 260 \/ 271 cm<\/li>\n<li>Dimensions int\u00e9rieures L\/L : 400 \/ 230 cm<\/li>\n<li>Surface au sol en m\u00b2 : 11,51<\/li>\n<li>Volume de la pi\u00e8ce en m\u00b3 : 29,45<\/li>\n<li>Puissance totale raccord\u00e9e en KW : 15 kW<\/li>\n<\/ul>\n<p><strong>Tous les mod\u00e8les de sauna sont \u00e9galement disponibles en version miroir.<\/strong><\/p>\n<p><strong>Les frais de transport et d&rsquo;installation, ainsi que les installations \u00e9lectriques ne sont pas compris dans le prix.<\/strong><\/p>\n","protected":false},"featured_media":39067,"template":"","meta":{"_acf_changed":false},"product_brand":[],"product_cat":[6303],"product_tag":[6509,6511,6510,259,4948,6497,6502,6499,6513,6512,6508,6498,6505,2315,4949,6473,6507,270,256],"woo-feed-brand":[],"class_list":{"0":"post-43614","1":"product","2":"type-product","3":"status-publish","4":"has-post-thumbnail","6":"product_cat-waermegrad-sauna-pour-lexterieur","7":"product_tag-beau-sauna","8":"product_tag-beau-sauna-exterieur","9":"product_tag-elegant-sauna-exterieur","10":"product_tag-jacuzzi-fr-2","11":"product_tag-oasis-de-wellness","12":"product_tag-sauna-design","13":"product_tag-sauna-elegant","14":"product_tag-sauna-exterieur","15":"product_tag-sauna-exterieur-de-qualite","16":"product_tag-sauna-exterieur-en-bois","17":"product_tag-sauna-individuel","18":"product_tag-sauna-moderne","19":"product_tag-saunas-exterieurs","20":"product_tag-softub-fr-2","21":"product_tag-softub-suisse","22":"product_tag-waermegrad-sauna-fr","23":"product_tag-warrmegrad-sauna-exterieur","24":"product_tag-wellness-fr","25":"product_tag-whirlpool-fr","27":"first","28":"instock","29":"taxable","30":"shipping-taxable","31":"purchasable","32":"product-type-simple"},"acf":[],"yoast_head":"<!-- This site is optimized with the Yoast SEO Premium plugin v27.5 (Yoast SEO v27.5) - https:\/\/yoast.com\/product\/yoast-seo-premium-wordpress\/ -->\n<title>Waermegrad module de sauna M - SOFTUB Suisse<\/title>\n<meta name=\"description\" content=\"Le Waermegrad Module de Sauna M dispose d&#039;un petit vestibule en plus de l&#039;espace sauna confortable. Pour un acc\u00e8s plus confortable au sauna.\" \/>\n<meta name=\"robots\" content=\"index, follow, max-snippet:-1, max-image-preview:large, max-video-preview:-1\" \/>\n<link rel=\"canonical\" href=\"https:\/\/www.softub.ch\/produit\/waermegrad-saunamodul-m-2\/\" \/>\n<meta property=\"og:locale\" content=\"fr_FR\" \/>\n<meta property=\"og:type\" content=\"article\" \/>\n<meta property=\"og:title\" content=\"Waermegrad module de sauna M - \u00e0 c\u00f4t\u00e9 de la salle de sauna avec petit vestibule\" \/>\n<meta property=\"og:description\" content=\"Le Waermegrad Module de Sauna M dispose d&#039;un petit vestibule en plus de l&#039;espace sauna confortable. Pour un acc\u00e8s plus confortable au sauna.\" \/>\n<meta property=\"og:url\" content=\"https:\/\/www.softub.ch\/produit\/waermegrad-saunamodul-m-2\/\" \/>\n<meta property=\"og:site_name\" content=\"Softub Schweiz\" \/>\n<meta property=\"article:publisher\" content=\"https:\/\/www.facebook.com\/softubschweiz\" \/>\n<meta property=\"article:modified_time\" content=\"2025-03-12T10:43:39+00:00\" \/>\n<meta property=\"og:image\" content=\"https:\/\/www.softub.ch\/wp-content\/uploads\/waermegrad_aussensauna_m_modul_illustration_design_softub_schweiz.jpg\" \/>\n\t<meta property=\"og:image:width\" content=\"1280\" \/>\n\t<meta property=\"og:image:height\" content=\"1024\" \/>\n\t<meta property=\"og:image:type\" content=\"image\/jpeg\" \/>\n<meta name=\"twitter:card\" content=\"summary_large_image\" \/>\n<meta name=\"twitter:label1\" content=\"Dur\u00e9e de lecture estim\u00e9e\" \/>\n\t<meta name=\"twitter:data1\" content=\"8 minutes\" \/>\n<script type=\"application\/ld+json\" class=\"yoast-schema-graph\">{\"@context\":\"https:\\\/\\\/schema.org\",\"@graph\":[{\"@type\":\"WebPage\",\"@id\":\"https:\\\/\\\/www.softub.ch\\\/produit\\\/waermegrad-saunamodul-m-2\\\/\",\"url\":\"https:\\\/\\\/www.softub.ch\\\/produit\\\/waermegrad-saunamodul-m-2\\\/\",\"name\":\"Waermegrad module de sauna M - SOFTUB Suisse\",\"isPartOf\":{\"@id\":\"https:\\\/\\\/www.softub.ch\\\/fr\\\/#website\"},\"primaryImageOfPage\":{\"@id\":\"https:\\\/\\\/www.softub.ch\\\/produit\\\/waermegrad-saunamodul-m-2\\\/#primaryimage\"},\"image\":{\"@id\":\"https:\\\/\\\/www.softub.ch\\\/produit\\\/waermegrad-saunamodul-m-2\\\/#primaryimage\"},\"thumbnailUrl\":\"https:\\\/\\\/www.softub.ch\\\/wp-content\\\/uploads\\\/waermegrad_aussensauna_m_modul_illustration_design_softub_schweiz.jpg\",\"datePublished\":\"2022-03-23T12:46:23+00:00\",\"dateModified\":\"2025-03-12T10:43:39+00:00\",\"description\":\"Le Waermegrad Module de Sauna M dispose d'un petit vestibule en plus de l'espace sauna confortable. Pour un acc\u00e8s plus confortable au sauna.\",\"breadcrumb\":{\"@id\":\"https:\\\/\\\/www.softub.ch\\\/produit\\\/waermegrad-saunamodul-m-2\\\/#breadcrumb\"},\"inLanguage\":\"fr-FR\",\"potentialAction\":[{\"@type\":\"ReadAction\",\"target\":[\"https:\\\/\\\/www.softub.ch\\\/produit\\\/waermegrad-saunamodul-m-2\\\/\"]}]},{\"@type\":\"ImageObject\",\"inLanguage\":\"fr-FR\",\"@id\":\"https:\\\/\\\/www.softub.ch\\\/produit\\\/waermegrad-saunamodul-m-2\\\/#primaryimage\",\"url\":\"https:\\\/\\\/www.softub.ch\\\/wp-content\\\/uploads\\\/waermegrad_aussensauna_m_modul_illustration_design_softub_schweiz.jpg\",\"contentUrl\":\"https:\\\/\\\/www.softub.ch\\\/wp-content\\\/uploads\\\/waermegrad_aussensauna_m_modul_illustration_design_softub_schweiz.jpg\",\"width\":1280,\"height\":1024,\"caption\":\"waermegrad sauna ext\u00e9rieur m module illustration design softub suisse\"},{\"@type\":\"BreadcrumbList\",\"@id\":\"https:\\\/\\\/www.softub.ch\\\/produit\\\/waermegrad-saunamodul-m-2\\\/#breadcrumb\",\"itemListElement\":[{\"@type\":\"ListItem\",\"position\":1,\"name\":\"Startseite\",\"item\":\"https:\\\/\\\/www.softub.ch\\\/fr\\\/\"},{\"@type\":\"ListItem\",\"position\":2,\"name\":\"Shop\",\"item\":\"https:\\\/\\\/www.softub.ch\\\/fr\\\/softub-suisse-shop\\\/\"},{\"@type\":\"ListItem\",\"position\":3,\"name\":\"Waermegrad module de sauna M &#8211; \u00e0 c\u00f4t\u00e9 de la salle de sauna avec petit vestibule\"}]},{\"@type\":\"WebSite\",\"@id\":\"https:\\\/\\\/www.softub.ch\\\/fr\\\/#website\",\"url\":\"https:\\\/\\\/www.softub.ch\\\/fr\\\/\",\"name\":\"Softub Schweiz\",\"description\":\"Softub - Wir machen Ferien Zuhause\",\"publisher\":{\"@id\":\"https:\\\/\\\/www.softub.ch\\\/fr\\\/#organization\"},\"potentialAction\":[{\"@type\":\"SearchAction\",\"target\":{\"@type\":\"EntryPoint\",\"urlTemplate\":\"https:\\\/\\\/www.softub.ch\\\/fr\\\/?s={search_term_string}\"},\"query-input\":{\"@type\":\"PropertyValueSpecification\",\"valueRequired\":true,\"valueName\":\"search_term_string\"}}],\"inLanguage\":\"fr-FR\"},{\"@type\":\"Organization\",\"@id\":\"https:\\\/\\\/www.softub.ch\\\/fr\\\/#organization\",\"name\":\"Softub Schweiz AG\",\"url\":\"https:\\\/\\\/www.softub.ch\\\/fr\\\/\",\"logo\":{\"@type\":\"ImageObject\",\"inLanguage\":\"fr-FR\",\"@id\":\"https:\\\/\\\/www.softub.ch\\\/fr\\\/#\\\/schema\\\/logo\\\/image\\\/\",\"url\":\"https:\\\/\\\/www.softub.ch\\\/wp-content\\\/uploads\\\/Softub-Logo-Softub-Schweiz-.png\",\"contentUrl\":\"https:\\\/\\\/www.softub.ch\\\/wp-content\\\/uploads\\\/Softub-Logo-Softub-Schweiz-.png\",\"width\":200,\"height\":73,\"caption\":\"Softub Schweiz AG\"},\"image\":{\"@id\":\"https:\\\/\\\/www.softub.ch\\\/fr\\\/#\\\/schema\\\/logo\\\/image\\\/\"},\"sameAs\":[\"https:\\\/\\\/www.facebook.com\\\/softubschweiz\",\"https:\\\/\\\/www.instagram.com\\\/softub_schweiz\\\/\",\"https:\\\/\\\/ch.pinterest.com\\\/softub_schweiz\\\/\",\"https:\\\/\\\/www.linkedin.com\\\/company\\\/softub-schweiz-ag\\\/\"]}]}<\/script>\n<!-- \/ Yoast SEO Premium plugin. -->","yoast_head_json":{"title":"Waermegrad module de sauna M - SOFTUB Suisse","description":"Le Waermegrad Module de Sauna M dispose d'un petit vestibule en plus de l'espace sauna confortable. Pour un acc\u00e8s plus confortable au sauna.","robots":{"index":"index","follow":"follow","max-snippet":"max-snippet:-1","max-image-preview":"max-image-preview:large","max-video-preview":"max-video-preview:-1"},"canonical":"https:\/\/www.softub.ch\/produit\/waermegrad-saunamodul-m-2\/","og_locale":"fr_FR","og_type":"article","og_title":"Waermegrad module de sauna M - \u00e0 c\u00f4t\u00e9 de la salle de sauna avec petit vestibule","og_description":"Le Waermegrad Module de Sauna M dispose d'un petit vestibule en plus de l'espace sauna confortable. Pour un acc\u00e8s plus confortable au sauna.","og_url":"https:\/\/www.softub.ch\/produit\/waermegrad-saunamodul-m-2\/","og_site_name":"Softub Schweiz","article_publisher":"https:\/\/www.facebook.com\/softubschweiz","article_modified_time":"2025-03-12T10:43:39+00:00","og_image":[{"width":1280,"height":1024,"url":"https:\/\/www.softub.ch\/wp-content\/uploads\/waermegrad_aussensauna_m_modul_illustration_design_softub_schweiz.jpg","type":"image\/jpeg"}],"twitter_card":"summary_large_image","twitter_misc":{"Dur\u00e9e de lecture estim\u00e9e":"8 minutes"},"schema":{"@context":"https:\/\/schema.org","@graph":[{"@type":"WebPage","@id":"https:\/\/www.softub.ch\/produit\/waermegrad-saunamodul-m-2\/","url":"https:\/\/www.softub.ch\/produit\/waermegrad-saunamodul-m-2\/","name":"Waermegrad module de sauna M - SOFTUB Suisse","isPartOf":{"@id":"https:\/\/www.softub.ch\/fr\/#website"},"primaryImageOfPage":{"@id":"https:\/\/www.softub.ch\/produit\/waermegrad-saunamodul-m-2\/#primaryimage"},"image":{"@id":"https:\/\/www.softub.ch\/produit\/waermegrad-saunamodul-m-2\/#primaryimage"},"thumbnailUrl":"https:\/\/www.softub.ch\/wp-content\/uploads\/waermegrad_aussensauna_m_modul_illustration_design_softub_schweiz.jpg","datePublished":"2022-03-23T12:46:23+00:00","dateModified":"2025-03-12T10:43:39+00:00","description":"Le Waermegrad Module de Sauna M dispose d'un petit vestibule en plus de l'espace sauna confortable. Pour un acc\u00e8s plus confortable au sauna.","breadcrumb":{"@id":"https:\/\/www.softub.ch\/produit\/waermegrad-saunamodul-m-2\/#breadcrumb"},"inLanguage":"fr-FR","potentialAction":[{"@type":"ReadAction","target":["https:\/\/www.softub.ch\/produit\/waermegrad-saunamodul-m-2\/"]}]},{"@type":"ImageObject","inLanguage":"fr-FR","@id":"https:\/\/www.softub.ch\/produit\/waermegrad-saunamodul-m-2\/#primaryimage","url":"https:\/\/www.softub.ch\/wp-content\/uploads\/waermegrad_aussensauna_m_modul_illustration_design_softub_schweiz.jpg","contentUrl":"https:\/\/www.softub.ch\/wp-content\/uploads\/waermegrad_aussensauna_m_modul_illustration_design_softub_schweiz.jpg","width":1280,"height":1024,"caption":"waermegrad sauna ext\u00e9rieur m module illustration design softub suisse"},{"@type":"BreadcrumbList","@id":"https:\/\/www.softub.ch\/produit\/waermegrad-saunamodul-m-2\/#breadcrumb","itemListElement":[{"@type":"ListItem","position":1,"name":"Startseite","item":"https:\/\/www.softub.ch\/fr\/"},{"@type":"ListItem","position":2,"name":"Shop","item":"https:\/\/www.softub.ch\/fr\/softub-suisse-shop\/"},{"@type":"ListItem","position":3,"name":"Waermegrad module de sauna M &#8211; \u00e0 c\u00f4t\u00e9 de la salle de sauna avec petit vestibule"}]},{"@type":"WebSite","@id":"https:\/\/www.softub.ch\/fr\/#website","url":"https:\/\/www.softub.ch\/fr\/","name":"Softub Schweiz","description":"Softub - Wir machen Ferien Zuhause","publisher":{"@id":"https:\/\/www.softub.ch\/fr\/#organization"},"potentialAction":[{"@type":"SearchAction","target":{"@type":"EntryPoint","urlTemplate":"https:\/\/www.softub.ch\/fr\/?s={search_term_string}"},"query-input":{"@type":"PropertyValueSpecification","valueRequired":true,"valueName":"search_term_string"}}],"inLanguage":"fr-FR"},{"@type":"Organization","@id":"https:\/\/www.softub.ch\/fr\/#organization","name":"Softub Schweiz AG","url":"https:\/\/www.softub.ch\/fr\/","logo":{"@type":"ImageObject","inLanguage":"fr-FR","@id":"https:\/\/www.softub.ch\/fr\/#\/schema\/logo\/image\/","url":"https:\/\/www.softub.ch\/wp-content\/uploads\/Softub-Logo-Softub-Schweiz-.png","contentUrl":"https:\/\/www.softub.ch\/wp-content\/uploads\/Softub-Logo-Softub-Schweiz-.png","width":200,"height":73,"caption":"Softub Schweiz AG"},"image":{"@id":"https:\/\/www.softub.ch\/fr\/#\/schema\/logo\/image\/"},"sameAs":["https:\/\/www.facebook.com\/softubschweiz","https:\/\/www.instagram.com\/softub_schweiz\/","https:\/\/ch.pinterest.com\/softub_schweiz\/","https:\/\/www.linkedin.com\/company\/softub-schweiz-ag\/"]}]}},"_links":{"self":[{"href":"https:\/\/www.softub.ch\/fr\/wp-json\/wp\/v2\/product\/43614","targetHints":{"allow":["GET"]}}],"collection":[{"href":"https:\/\/www.softub.ch\/fr\/wp-json\/wp\/v2\/product"}],"about":[{"href":"https:\/\/www.softub.ch\/fr\/wp-json\/wp\/v2\/types\/product"}],"wp:featuredmedia":[{"embeddable":true,"href":"https:\/\/www.softub.ch\/fr\/wp-json\/wp\/v2\/media\/39067"}],"wp:attachment":[{"href":"https:\/\/www.softub.ch\/fr\/wp-json\/wp\/v2\/media?parent=43614"}],"wp:term":[{"taxonomy":"product_brand","embeddable":true,"href":"https:\/\/www.softub.ch\/fr\/wp-json\/wp\/v2\/product_brand?post=43614"},{"taxonomy":"product_cat","embeddable":true,"href":"https:\/\/www.softub.ch\/fr\/wp-json\/wp\/v2\/product_cat?post=43614"},{"taxonomy":"product_tag","embeddable":true,"href":"https:\/\/www.softub.ch\/fr\/wp-json\/wp\/v2\/product_tag?post=43614"},{"taxonomy":"woo-feed-brand","embeddable":true,"href":"https:\/\/www.softub.ch\/fr\/wp-json\/wp\/v2\/woo-feed-brand?post=43614"}],"curies":[{"name":"wp","href":"https:\/\/api.w.org\/{rel}","templated":true}]}}